{"id":262,"date":"2025-11-19T18:58:07","date_gmt":"2025-11-19T17:58:07","guid":{"rendered":"https:\/\/gicd.inf.um.es\/csidpub\/usuario32\/?page_id=262"},"modified":"2025-11-26T15:09:46","modified_gmt":"2025-11-26T14:09:46","slug":"marcas","status":"publish","type":"page","link":"https:\/\/gicd.inf.um.es\/csidpub\/usuario32\/marcas\/","title":{"rendered":"MARCAS"},"content":{"rendered":"\n<div class=\"wp-block-query bs-blog-post is-layout-flow wp-block-query-is-layout-flow\"><form role=\"search\" method=\"get\" action=\"https:\/\/gicd.inf.um.es\/csidpub\/usuario32\/\" class=\"wp-block-search__button-outside wp-block-search__text-button wp-block-search\"    ><label class=\"wp-block-search__label\" for=\"wp-block-search__input-1\" >Buscar<\/label><div class=\"wp-block-search__inside-wrapper \" ><input class=\"wp-block-search__input\" id=\"wp-block-search__input-1\" placeholder=\"\" value=\"\" type=\"search\" name=\"s\" required \/><button aria-label=\"Buscar\" class=\"wp-block-search__button wp-element-button\" type=\"submit\" >Buscar<\/button><\/div><\/form>\n\n<ul class=\"columns-2 wp-block-post-template is-layout-grid wp-container-core-post-template-is-layout-f6ab3723 wp-block-post-template-is-layout-grid\"><li class=\"wp-block-post post-160 post type-post status-publish format-standard has-post-thumbnail hentry category-moda category-zara tag-inditex tag-marca tag-moda tag-zara\">\n\n<div class=\"wp-block-group\"><div class=\"wp-block-group__inner-container is-layout-constrained wp-block-group-is-layout-constrained\"><figure class=\"wp-block-post-featured-image\"><a href=\"https:\/\/gicd.inf.um.es\/csidpub\/usuario32\/zara\/\" target=\"_self\"  ><img loading=\"lazy\" decoding=\"async\" width=\"268\" height=\"188\" src=\"https:\/\/gicd.inf.um.es\/csidpub\/usuario32\/wp-content\/uploads\/2025\/11\/images.png\" class=\"attachment-post-thumbnail size-post-thumbnail wp-post-image\" alt=\"ZARA\" style=\"object-fit:cover;\" \/><\/a><\/figure><\/div><\/div>\n\n\n<h2 class=\"wp-block-post-title\"><a href=\"https:\/\/gicd.inf.um.es\/csidpub\/usuario32\/zara\/\" target=\"_self\" >ZARA<\/a><\/h2>\n\n<div class=\"taxonomy-post_tag wp-block-post-terms\"><a href=\"https:\/\/gicd.inf.um.es\/csidpub\/usuario32\/tag\/inditex\/\" rel=\"tag\">inditex<\/a><span class=\"wp-block-post-terms__separator\">, <\/span><a href=\"https:\/\/gicd.inf.um.es\/csidpub\/usuario32\/tag\/marca\/\" rel=\"tag\">marca<\/a><span class=\"wp-block-post-terms__separator\">, <\/span><a href=\"https:\/\/gicd.inf.um.es\/csidpub\/usuario32\/tag\/moda\/\" rel=\"tag\">moda<\/a><span class=\"wp-block-post-terms__separator\">, <\/span><a href=\"https:\/\/gicd.inf.um.es\/csidpub\/usuario32\/tag\/zara\/\" rel=\"tag\">zara<\/a><\/div>\n\n<div class=\"wp-block-post-excerpt\"><p class=\"wp-block-post-excerpt__excerpt\">Zara: La empresa que democratiz\u00f3 la moda Cuando pensamos en Zara, probablemente nos venga a la mente ropa moderna, precios accesibles y tiendas llenas de novedades cada semana. Pero detr\u00e1s de esta marca hay una historia fascinante de visi\u00f3n, innovaci\u00f3n y transformaci\u00f3n del mundo de la moda. Todo comenz\u00f3 en 1975 en La Coru\u00f1a, Espa\u00f1a,&hellip; <\/p><\/div>\n\n\n<p><\/p>\n\n\n\n<div style=\"height:24px\" aria-hidden=\"true\" class=\"wp-block-spacer\"><\/div>\n\n<\/li><li class=\"wp-block-post post-168 post type-post status-publish format-standard has-post-thumbnail hentry category-moda tag-inditex tag-marca tag-moda tag-zara-home\">\n\n<div class=\"wp-block-group\"><div class=\"wp-block-group__inner-container is-layout-constrained wp-block-group-is-layout-constrained\"><figure class=\"wp-block-post-featured-image\"><a href=\"https:\/\/gicd.inf.um.es\/csidpub\/usuario32\/zara-home\/\" target=\"_self\"  ><img decoding=\"async\" src=\"https:\/\/gicd.inf.um.es\/csidpub\/usuario32\/wp-content\/uploads\/2025\/11\/27d4.avif\" class=\"attachment-post-thumbnail size-post-thumbnail wp-post-image\" alt=\"ZARA HOME\" style=\"object-fit:cover;\" \/><\/a><\/figure><\/div><\/div>\n\n\n<h2 class=\"wp-block-post-title\"><a href=\"https:\/\/gicd.inf.um.es\/csidpub\/usuario32\/zara-home\/\" target=\"_self\" >ZARA HOME<\/a><\/h2>\n\n<div class=\"taxonomy-post_tag wp-block-post-terms\"><a href=\"https:\/\/gicd.inf.um.es\/csidpub\/usuario32\/tag\/inditex\/\" rel=\"tag\">inditex<\/a><span class=\"wp-block-post-terms__separator\">, <\/span><a href=\"https:\/\/gicd.inf.um.es\/csidpub\/usuario32\/tag\/marca\/\" rel=\"tag\">marca<\/a><span class=\"wp-block-post-terms__separator\">, <\/span><a href=\"https:\/\/gicd.inf.um.es\/csidpub\/usuario32\/tag\/moda\/\" rel=\"tag\">moda<\/a><span class=\"wp-block-post-terms__separator\">, <\/span><a href=\"https:\/\/gicd.inf.um.es\/csidpub\/usuario32\/tag\/zara-home\/\" rel=\"tag\">zara home<\/a><\/div>\n\n<div class=\"wp-block-post-excerpt\"><p class=\"wp-block-post-excerpt__excerpt\">Zara Home: c\u00f3mo la moda se traslad\u00f3 al hogar Cuando escuchamos \u201cZara\u201d, la primera imagen que viene a la mente suele ser ropa moderna y asequible. Pero desde 2003, Zara decidi\u00f3 llevar su estilo y filosof\u00eda al hogar con el nacimiento de Zara Home, la divisi\u00f3n de Inditex dedicada a la decoraci\u00f3n y art\u00edculos para&hellip; <\/p><\/div>\n\n\n<p><\/p>\n\n\n\n<div style=\"height:24px\" aria-hidden=\"true\" class=\"wp-block-spacer\"><\/div>\n\n<\/li><li class=\"wp-block-post post-207 post type-post status-publish format-standard has-post-thumbnail hentry category-moda tag-inditex tag-marca tag-moda\">\n\n<div class=\"wp-block-group\"><div class=\"wp-block-group__inner-container is-layout-constrained wp-block-group-is-layout-constrained\"><figure class=\"wp-block-post-featured-image\"><a href=\"https:\/\/gicd.inf.um.es\/csidpub\/usuario32\/bershka\/\" target=\"_self\"  ><img loading=\"lazy\" decoding=\"async\" width=\"1920\" height=\"523\" src=\"https:\/\/gicd.inf.um.es\/csidpub\/usuario32\/wp-content\/uploads\/2025\/11\/0x0.png\" class=\"attachment-post-thumbnail size-post-thumbnail wp-post-image\" alt=\"BERSHKA\" style=\"object-fit:cover;\" srcset=\"https:\/\/gicd.inf.um.es\/csidpub\/usuario32\/wp-content\/uploads\/2025\/11\/0x0.png 1920w, https:\/\/gicd.inf.um.es\/csidpub\/usuario32\/wp-content\/uploads\/2025\/11\/0x0-300x82.png 300w, https:\/\/gicd.inf.um.es\/csidpub\/usuario32\/wp-content\/uploads\/2025\/11\/0x0-1024x279.png 1024w, https:\/\/gicd.inf.um.es\/csidpub\/usuario32\/wp-content\/uploads\/2025\/11\/0x0-768x209.png 768w, https:\/\/gicd.inf.um.es\/csidpub\/usuario32\/wp-content\/uploads\/2025\/11\/0x0-1536x418.png 1536w\" sizes=\"auto, (max-width: 1920px) 100vw, 1920px\" \/><\/a><\/figure><\/div><\/div>\n\n\n<h2 class=\"wp-block-post-title\"><a href=\"https:\/\/gicd.inf.um.es\/csidpub\/usuario32\/bershka\/\" target=\"_self\" >BERSHKA<\/a><\/h2>\n\n<div class=\"taxonomy-post_tag wp-block-post-terms\"><a href=\"https:\/\/gicd.inf.um.es\/csidpub\/usuario32\/tag\/inditex\/\" rel=\"tag\">inditex<\/a><span class=\"wp-block-post-terms__separator\">, <\/span><a href=\"https:\/\/gicd.inf.um.es\/csidpub\/usuario32\/tag\/marca\/\" rel=\"tag\">marca<\/a><span class=\"wp-block-post-terms__separator\">, <\/span><a href=\"https:\/\/gicd.inf.um.es\/csidpub\/usuario32\/tag\/moda\/\" rel=\"tag\">moda<\/a><\/div>\n\n<div class=\"wp-block-post-excerpt\"><p class=\"wp-block-post-excerpt__excerpt\">Marca de moda juvenil de la multinacional Inditex <\/p><\/div>\n\n\n<p><\/p>\n\n\n\n<div style=\"height:24px\" aria-hidden=\"true\" class=\"wp-block-spacer\"><\/div>\n\n<\/li><li class=\"wp-block-post post-214 post type-post status-publish format-standard has-post-thumbnail hentry category-moda tag-inditex tag-marca tag-moda\">\n\n<div class=\"wp-block-group\"><div class=\"wp-block-group__inner-container is-layout-constrained wp-block-group-is-layout-constrained\"><figure class=\"wp-block-post-featured-image\"><a href=\"https:\/\/gicd.inf.um.es\/csidpub\/usuario32\/oysho\/\" target=\"_self\"  ><img loading=\"lazy\" decoding=\"async\" width=\"1920\" height=\"1080\" src=\"https:\/\/gicd.inf.um.es\/csidpub\/usuario32\/wp-content\/uploads\/2025\/11\/oysho-643d7be110c2d.jpeg\" class=\"attachment-post-thumbnail size-post-thumbnail wp-post-image\" alt=\"OYSHO\" style=\"object-fit:cover;\" srcset=\"https:\/\/gicd.inf.um.es\/csidpub\/usuario32\/wp-content\/uploads\/2025\/11\/oysho-643d7be110c2d.jpeg 1920w, https:\/\/gicd.inf.um.es\/csidpub\/usuario32\/wp-content\/uploads\/2025\/11\/oysho-643d7be110c2d-300x169.jpeg 300w, https:\/\/gicd.inf.um.es\/csidpub\/usuario32\/wp-content\/uploads\/2025\/11\/oysho-643d7be110c2d-1024x576.jpeg 1024w, https:\/\/gicd.inf.um.es\/csidpub\/usuario32\/wp-content\/uploads\/2025\/11\/oysho-643d7be110c2d-768x432.jpeg 768w, https:\/\/gicd.inf.um.es\/csidpub\/usuario32\/wp-content\/uploads\/2025\/11\/oysho-643d7be110c2d-1536x864.jpeg 1536w, https:\/\/gicd.inf.um.es\/csidpub\/usuario32\/wp-content\/uploads\/2025\/11\/oysho-643d7be110c2d-1280x720.jpeg 1280w\" sizes=\"auto, (max-width: 1920px) 100vw, 1920px\" \/><\/a><\/figure><\/div><\/div>\n\n\n<h2 class=\"wp-block-post-title\"><a href=\"https:\/\/gicd.inf.um.es\/csidpub\/usuario32\/oysho\/\" target=\"_self\" >OYSHO<\/a><\/h2>\n\n<div class=\"taxonomy-post_tag wp-block-post-terms\"><a href=\"https:\/\/gicd.inf.um.es\/csidpub\/usuario32\/tag\/inditex\/\" rel=\"tag\">inditex<\/a><span class=\"wp-block-post-terms__separator\">, <\/span><a href=\"https:\/\/gicd.inf.um.es\/csidpub\/usuario32\/tag\/marca\/\" rel=\"tag\">marca<\/a><span class=\"wp-block-post-terms__separator\">, <\/span><a href=\"https:\/\/gicd.inf.um.es\/csidpub\/usuario32\/tag\/moda\/\" rel=\"tag\">moda<\/a><\/div>\n\n<div class=\"wp-block-post-excerpt\"><p class=\"wp-block-post-excerpt__excerpt\">Oysho es una marca perteneciente al grupo Inditex, fundada en 2001. Comenz\u00f3 especializada en lencer\u00eda y ropa interior, pero con el tiempo evolucion\u00f3 hacia deporte, fitness, yoga, athleisure y prendas c\u00f3modas para el d\u00eda a d\u00eda. <\/p><\/div>\n\n\n<p><\/p>\n\n\n\n<div style=\"height:24px\" aria-hidden=\"true\" class=\"wp-block-spacer\"><\/div>\n\n<\/li><li class=\"wp-block-post post-221 post type-post status-publish format-standard has-post-thumbnail hentry category-moda tag-inditex tag-marca tag-moda\">\n\n<div class=\"wp-block-group\"><div class=\"wp-block-group__inner-container is-layout-constrained wp-block-group-is-layout-constrained\"><figure class=\"wp-block-post-featured-image\"><a href=\"https:\/\/gicd.inf.um.es\/csidpub\/usuario32\/pull-bear\/\" target=\"_self\"  ><img loading=\"lazy\" decoding=\"async\" width=\"800\" height=\"800\" src=\"https:\/\/gicd.inf.um.es\/csidpub\/usuario32\/wp-content\/uploads\/2025\/11\/PullBear.png\" class=\"attachment-post-thumbnail size-post-thumbnail wp-post-image\" alt=\"PULL &amp; BEAR\" style=\"object-fit:cover;\" srcset=\"https:\/\/gicd.inf.um.es\/csidpub\/usuario32\/wp-content\/uploads\/2025\/11\/PullBear.png 800w, https:\/\/gicd.inf.um.es\/csidpub\/usuario32\/wp-content\/uploads\/2025\/11\/PullBear-300x300.png 300w, https:\/\/gicd.inf.um.es\/csidpub\/usuario32\/wp-content\/uploads\/2025\/11\/PullBear-150x150.png 150w, https:\/\/gicd.inf.um.es\/csidpub\/usuario32\/wp-content\/uploads\/2025\/11\/PullBear-768x768.png 768w\" sizes=\"auto, (max-width: 800px) 100vw, 800px\" \/><\/a><\/figure><\/div><\/div>\n\n\n<h2 class=\"wp-block-post-title\"><a href=\"https:\/\/gicd.inf.um.es\/csidpub\/usuario32\/pull-bear\/\" target=\"_self\" >PULL &amp; BEAR<\/a><\/h2>\n\n<div class=\"taxonomy-post_tag wp-block-post-terms\"><a href=\"https:\/\/gicd.inf.um.es\/csidpub\/usuario32\/tag\/inditex\/\" rel=\"tag\">inditex<\/a><span class=\"wp-block-post-terms__separator\">, <\/span><a href=\"https:\/\/gicd.inf.um.es\/csidpub\/usuario32\/tag\/marca\/\" rel=\"tag\">marca<\/a><span class=\"wp-block-post-terms__separator\">, <\/span><a href=\"https:\/\/gicd.inf.um.es\/csidpub\/usuario32\/tag\/moda\/\" rel=\"tag\">moda<\/a><\/div>\n\n<div class=\"wp-block-post-excerpt\"><p class=\"wp-block-post-excerpt__excerpt\">Pull&#038;Bear naci\u00f3 en 1991 como una de las marcas j\u00f3venes del grupo Inditex, con el objetivo de ofrecer moda casual accesible para un p\u00fablico juvenil que buscara prendas c\u00f3modas, relajadas y alineadas con las tendencias urbanas del momento. Desde sus inicios, Pull&#038;Bear se distanci\u00f3 de la moda cl\u00e1sica y formal para apostar por un estilo&hellip; <\/p><\/div>\n\n\n<p><\/p>\n\n\n\n<div style=\"height:24px\" aria-hidden=\"true\" class=\"wp-block-spacer\"><\/div>\n\n<\/li><li class=\"wp-block-post post-228 post type-post status-publish format-standard has-post-thumbnail hentry category-moda tag-lujo tag-marca\">\n\n<div class=\"wp-block-group\"><div class=\"wp-block-group__inner-container is-layout-constrained wp-block-group-is-layout-constrained\"><figure class=\"wp-block-post-featured-image\"><a href=\"https:\/\/gicd.inf.um.es\/csidpub\/usuario32\/massimo-dutti\/\" target=\"_self\"  ><img loading=\"lazy\" decoding=\"async\" width=\"225\" height=\"225\" src=\"https:\/\/gicd.inf.um.es\/csidpub\/usuario32\/wp-content\/uploads\/2025\/11\/images-1.png\" class=\"attachment-post-thumbnail size-post-thumbnail wp-post-image\" alt=\"MASSIMO DUTTI\" style=\"object-fit:cover;\" srcset=\"https:\/\/gicd.inf.um.es\/csidpub\/usuario32\/wp-content\/uploads\/2025\/11\/images-1.png 225w, https:\/\/gicd.inf.um.es\/csidpub\/usuario32\/wp-content\/uploads\/2025\/11\/images-1-150x150.png 150w\" sizes=\"auto, (max-width: 225px) 100vw, 225px\" \/><\/a><\/figure><\/div><\/div>\n\n\n<h2 class=\"wp-block-post-title\"><a href=\"https:\/\/gicd.inf.um.es\/csidpub\/usuario32\/massimo-dutti\/\" target=\"_self\" >MASSIMO DUTTI<\/a><\/h2>\n\n<div class=\"taxonomy-post_tag wp-block-post-terms\"><a href=\"https:\/\/gicd.inf.um.es\/csidpub\/usuario32\/tag\/lujo\/\" rel=\"tag\">lujo<\/a><span class=\"wp-block-post-terms__separator\">, <\/span><a href=\"https:\/\/gicd.inf.um.es\/csidpub\/usuario32\/tag\/marca\/\" rel=\"tag\">marca<\/a><\/div>\n\n<div class=\"wp-block-post-excerpt\"><p class=\"wp-block-post-excerpt__excerpt\">Massimo Dutti fue fundada en 1985 en Barcelona por Armando Lasauca, con un enfoque exclusivo en moda masculina. Desde sus inicios, la marca busc\u00f3 ofrecer prendas elegantes, atemporales y de calidad, orientadas a un p\u00fablico que valoraba el estilo cl\u00e1sico con un toque moderno. <\/p><\/div>\n\n\n<p><\/p>\n\n\n\n<div style=\"height:24px\" aria-hidden=\"true\" class=\"wp-block-spacer\"><\/div>\n\n<\/li><li class=\"wp-block-post post-374 post type-post status-publish format-standard has-post-thumbnail hentry category-moda tag-inditex tag-marca tag-moda\">\n\n<div class=\"wp-block-group\"><div class=\"wp-block-group__inner-container is-layout-constrained wp-block-group-is-layout-constrained\"><figure class=\"wp-block-post-featured-image\"><a href=\"https:\/\/gicd.inf.um.es\/csidpub\/usuario32\/lefties\/\" target=\"_self\"  ><img loading=\"lazy\" decoding=\"async\" width=\"582\" height=\"291\" src=\"https:\/\/gicd.inf.um.es\/csidpub\/usuario32\/wp-content\/uploads\/2025\/11\/lefties-logo-nuevo.jpeg\" class=\"attachment-post-thumbnail size-post-thumbnail wp-post-image\" alt=\"LEFTIES\" style=\"object-fit:cover;\" srcset=\"https:\/\/gicd.inf.um.es\/csidpub\/usuario32\/wp-content\/uploads\/2025\/11\/lefties-logo-nuevo.jpeg 582w, https:\/\/gicd.inf.um.es\/csidpub\/usuario32\/wp-content\/uploads\/2025\/11\/lefties-logo-nuevo-300x150.jpeg 300w\" sizes=\"auto, (max-width: 582px) 100vw, 582px\" \/><\/a><\/figure><\/div><\/div>\n\n\n<h2 class=\"wp-block-post-title\"><a href=\"https:\/\/gicd.inf.um.es\/csidpub\/usuario32\/lefties\/\" target=\"_self\" >LEFTIES<\/a><\/h2>\n\n<div class=\"taxonomy-post_tag wp-block-post-terms\"><a href=\"https:\/\/gicd.inf.um.es\/csidpub\/usuario32\/tag\/inditex\/\" rel=\"tag\">inditex<\/a><span class=\"wp-block-post-terms__separator\">, <\/span><a href=\"https:\/\/gicd.inf.um.es\/csidpub\/usuario32\/tag\/marca\/\" rel=\"tag\">marca<\/a><span class=\"wp-block-post-terms__separator\">, <\/span><a href=\"https:\/\/gicd.inf.um.es\/csidpub\/usuario32\/tag\/moda\/\" rel=\"tag\">moda<\/a><\/div>\n\n<div class=\"wp-block-post-excerpt\"><p class=\"wp-block-post-excerpt__excerpt\">Historia Lefties es una marca espa\u00f1ola de moda perteneciente al grupo Inditex, fundada en 1999. Naci\u00f3 con un prop\u00f3sito muy concreto: dar salida a los excedentes y prendas con peque\u00f1os defectos procedentes de Zara, la marca insignia del grupo. En sus primeros a\u00f1os, Lefties funcionaba esencialmente como un outlet, vendiendo ropa de temporadas anteriores o&hellip; <\/p><\/div>\n\n\n<p><\/p>\n\n\n\n<div style=\"height:24px\" aria-hidden=\"true\" class=\"wp-block-spacer\"><\/div>\n\n<\/li><\/ul>\n\n\n\n<\/div>\n","protected":false},"excerpt":{"rendered":"","protected":false},"author":1,"featured_media":0,"parent":0,"menu_order":0,"comment_status":"closed","ping_status":"closed","template":"","meta":{"pgc_sgb_lightbox_settings":"","footnotes":""},"class_list":["post-262","page","type-page","status-publish","hentry"],"_links":{"self":[{"href":"https:\/\/gicd.inf.um.es\/csidpub\/usuario32\/wp-json\/wp\/v2\/pages\/262","targetHints":{"allow":["GET"]}}],"collection":[{"href":"https:\/\/gicd.inf.um.es\/csidpub\/usuario32\/wp-json\/wp\/v2\/pages"}],"about":[{"href":"https:\/\/gicd.inf.um.es\/csidpub\/usuario32\/wp-json\/wp\/v2\/types\/page"}],"author":[{"embeddable":true,"href":"https:\/\/gicd.inf.um.es\/csidpub\/usuario32\/wp-json\/wp\/v2\/users\/1"}],"replies":[{"embeddable":true,"href":"https:\/\/gicd.inf.um.es\/csidpub\/usuario32\/wp-json\/wp\/v2\/comments?post=262"}],"version-history":[{"count":17,"href":"https:\/\/gicd.inf.um.es\/csidpub\/usuario32\/wp-json\/wp\/v2\/pages\/262\/revisions"}],"predecessor-version":[{"id":407,"href":"https:\/\/gicd.inf.um.es\/csidpub\/usuario32\/wp-json\/wp\/v2\/pages\/262\/revisions\/407"}],"wp:attachment":[{"href":"https:\/\/gicd.inf.um.es\/csidpub\/usuario32\/wp-json\/wp\/v2\/media?parent=262"}],"curies":[{"name":"wp","href":"https:\/\/api.w.org\/{rel}","templated":true}]}}